{"id":680,"date":"2019-12-21T22:07:02","date_gmt":"2019-12-21T22:07:02","guid":{"rendered":"http:\/\/zajednozaosmeh.com\/?page_id=680"},"modified":"2020-01-15T16:27:58","modified_gmt":"2020-01-15T16:27:58","slug":"ciljevi-fondacije","status":"publish","type":"page","link":"http:\/\/zajednozaosmeh.com\/en\/ciljevi-fondacije\/","title":{"rendered":"Foundation aims"},"content":{"rendered":"<div class=\"text-wrapper\">\n<h1 style=\"text-align: left;\">Foundation aims<\/h1>\n<ol style=\"text-align: left;\">\n<li>Unapre\u0111enje socijalne i zdravstvene za\u0161tite dece u Republici Srbiji;<\/li>\n<li>Podr\u0161ka oboleloj deci i njihovim porodicama u cilju le\u010denja, medicinskog zbrinjavanja i oporavka;<\/li>\n<li>Promovisanje i unapre\u0111enje sistema de\u010dije zdravstvene za\u0161tite;<\/li>\n<li>Aktivnosti usmerene na promovisanje i za\u0161titu ljudskih, manjinskih i gra\u0111anskih prava;<\/li>\n<li>Unapre\u0111enje kulture i javnog informisanja;<\/li>\n<li>Promovisanje i popularizacija nauke, obrazovanje, umetnosti i amaterskog sporta;<\/li>\n<li>Unapre\u0111ivanje polo\u017eaja osoba sa invaliditetom;<\/li>\n<li>Pomo\u0107 starima;<\/li>\n<li>Briga o deci i omladini;<\/li>\n<li>Promocija zdravih stilova \u017eivota;<\/li>\n<li>Za\u0161tita \u017eivotne sredine;<\/li>\n<li style=\"text-align: left;\">Prekograni\u010dna saradnja.<\/li>\n<\/ol>\n<p><!--FOOTER SECTION BEGIN --><\/p>\n<div class=\"site-footer\">\n<div class=\"social-icons-wrapper\" style=\"text-align: left;\">\n<div class=\"fb-icon social-icons\"><a href=\"https:\/\/www.facebook.com\/zajednozaosmeh\" target=\"_blank\" rel=\"noopener noreferrer\"><img src=\"http:\/\/zajednozaosmeh.com\/wp-content\/themes\/wp-bootstrap-starter\/inc\/assets\/images\/fb-icon.png\" alt=\"fb-icon\" \/><\/a><\/div>\n<div class=\"tw-icon social-icons\"><a href=\"https:\/\/www.instagram.com\/zajednozaosmeh\/\" target=\"_blank\" rel=\"noopener noreferrer\"><img src=\"http:\/\/zajednozaosmeh.com\/wp-content\/themes\/wp-bootstrap-starter\/inc\/assets\/images\/instagram-logo.png\" alt=\"instagram-icon\" \/><\/a><\/div>\n<div class=\"gp-icon social-icons\"><a href=\"https:\/\/www.youtube.com\/channel\/UC71IKCJMltOEsQ424vtAcNA\" target=\"_blank\" rel=\"noopener noreferrer\"><img src=\"http:\/\/zajednozaosmeh.com\/wp-content\/themes\/wp-bootstrap-starter\/inc\/assets\/images\/youtube-logo.png\" alt=\"youtube-icon\" \/><\/a><\/div>\n<\/div>\n<div class=\"copyright-text\" style=\"text-align: left;\">Copyright \u00a9 2019 Fondacija &#8211; All rights reserved<\/div>\n<\/div>\n<p><!-- END FOOTER SECTION --><\/p>\n<\/div>","protected":false},"excerpt":{"rendered":"<p>Ciljevi fondacije Unapre\u0111enje socijalne i zdravstvene za\u0161tite dece u Republici Srbiji; Podr\u0161ka oboleloj deci i njihovim porodicama u cilju le\u010denja, medicinskog zbrinjavanja i oporavka; Promovisanje i unapre\u0111enje sistema de\u010dije zdravstvene za\u0161tite; Aktivnosti usmerene na promovisanje i za\u0161titu ljudskih, manjinskih i gra\u0111anskih prava; Unapre\u0111enje kulture i javnog informisanja; Promovisanje i popularizacija nauke, obrazovanje, umetnosti i amaterskog [&hellip;]<\/p>\n","protected":false},"author":1,"featured_media":0,"parent":0,"menu_order":0,"comment_status":"closed","ping_status":"closed","template":"blank-page-with-container.php","meta":[],"_links":{"self":[{"href":"http:\/\/zajednozaosmeh.com\/en\/wp-json\/wp\/v2\/pages\/680"}],"collection":[{"href":"http:\/\/zajednozaosmeh.com\/en\/wp-json\/wp\/v2\/pages"}],"about":[{"href":"http:\/\/zajednozaosmeh.com\/en\/wp-json\/wp\/v2\/types\/page"}],"author":[{"embeddable":true,"href":"http:\/\/zajednozaosmeh.com\/en\/wp-json\/wp\/v2\/users\/1"}],"replies":[{"embeddable":true,"href":"http:\/\/zajednozaosmeh.com\/en\/wp-json\/wp\/v2\/comments?post=680"}],"version-history":[{"count":21,"href":"http:\/\/zajednozaosmeh.com\/en\/wp-json\/wp\/v2\/pages\/680\/revisions"}],"predecessor-version":[{"id":1524,"href":"http:\/\/zajednozaosmeh.com\/en\/wp-json\/wp\/v2\/pages\/680\/revisions\/1524"}],"wp:attachment":[{"href":"http:\/\/zajednozaosmeh.com\/en\/wp-json\/wp\/v2\/media?parent=680"}],"curies":[{"name":"wp","href":"https:\/\/api.w.org\/{rel}","templated":true}]}}