{"id":675,"date":"2019-12-21T22:03:58","date_gmt":"2019-12-21T22:03:58","guid":{"rendered":"http:\/\/zajednozaosmeh.com\/?page_id=675"},"modified":"2020-01-17T18:44:54","modified_gmt":"2020-01-17T18:44:54","slug":"tim-fondacije","status":"publish","type":"page","link":"http:\/\/zajednozaosmeh.com\/en\/tim-fondacije\/","title":{"rendered":"Foundation team"},"content":{"rendered":"<div class=\"text-wrapper\">\n<h1 style=\"text-align: center;\"><strong>Foundation team<\/strong><\/h1>\n<p>Fondacija \u201eZajedno za osmeh\u201c osnovana je sa ciljem da spozna sve teku\u0107e probleme pojedinca, porodice ili zajednice sa kojima se susre\u0107u i pru\u017ei svaki vid podr\u0161ke koji je neophodan.<\/p>\n<figure id=\"attachment_1435\" aria-describedby=\"caption-attachment-1435\" style=\"width: 225px\" class=\"wp-caption alignleft\"><img loading=\"lazy\" class=\"wp-image-1435 size-medium\" src=\"http:\/\/media.zajednozaosmeh.consultech.rs\/2020\/01\/FEF25C55-796A-4BE8-916F-D5EF5AA8A78A-scaled-e1579038464982-225x300.jpeg\" alt=\"\" width=\"225\" height=\"300\" srcset=\"http:\/\/media.zajednozaosmeh.com\/2020\/01\/FEF25C55-796A-4BE8-916F-D5EF5AA8A78A-scaled-e1579038464982-225x300.jpeg 225w, http:\/\/media.zajednozaosmeh.com\/2020\/01\/FEF25C55-796A-4BE8-916F-D5EF5AA8A78A-scaled-e1579038464982-768x1024.jpeg 768w, http:\/\/media.zajednozaosmeh.com\/2020\/01\/FEF25C55-796A-4BE8-916F-D5EF5AA8A78A-scaled-e1579038464982-1152x1536.jpeg 1152w, http:\/\/media.zajednozaosmeh.com\/2020\/01\/FEF25C55-796A-4BE8-916F-D5EF5AA8A78A-scaled-e1579038464982-1536x2048.jpeg 1536w, http:\/\/media.zajednozaosmeh.com\/2020\/01\/FEF25C55-796A-4BE8-916F-D5EF5AA8A78A-scaled-e1579038464982.jpeg 1920w\" sizes=\"(max-width: 225px) 100vw, 225px\" \/><figcaption id=\"caption-attachment-1435\" class=\"wp-caption-text\">Goran Petrovi\u0107, osniva\u010d i upravitelj Fondacije \u201eZajedno za osmeh\u201c<\/figcaption><\/figure>\n<figure id=\"attachment_1432\" aria-describedby=\"caption-attachment-1432\" style=\"width: 237px\" class=\"wp-caption alignright\"><img loading=\"lazy\" class=\"wp-image-1432\" src=\"http:\/\/media.zajednozaosmeh.consultech.rs\/2020\/01\/FE3C461E-5832-401E-86AC-5D19E2043565-150x150.jpeg\" alt=\"\" width=\"237\" height=\"300\" srcset=\"http:\/\/media.zajednozaosmeh.com\/2020\/01\/FE3C461E-5832-401E-86AC-5D19E2043565-237x300.jpeg 237w, http:\/\/media.zajednozaosmeh.com\/2020\/01\/FE3C461E-5832-401E-86AC-5D19E2043565.jpeg 749w\" sizes=\"(max-width: 237px) 100vw, 237px\" \/><figcaption id=\"caption-attachment-1432\" class=\"wp-caption-text\">Sanja Petrovi\u0107, osniva\u010d i predsednik Upravnog odbora Fondacije \u201eZajedno za osmeh\u201c<\/figcaption><\/figure>\n<\/div>\n<p>&nbsp;<\/p>\n<p>&nbsp;<\/p>\n<div class=\"text-wrapper\">\n<p>&nbsp;<\/p>\n<\/div>\n<div class=\"text-wrapper\">\n<figure id=\"attachment_1431\" aria-describedby=\"caption-attachment-1431\" style=\"width: 225px\" class=\"wp-caption aligncenter\"><img loading=\"lazy\" class=\"wp-image-1431\" src=\"http:\/\/media.zajednozaosmeh.consultech.rs\/2020\/01\/734B0E36-0200-41A7-AA23-63797DF4E050-150x150.jpeg\" alt=\"\" width=\"225\" height=\"300\" srcset=\"http:\/\/media.zajednozaosmeh.com\/2020\/01\/734B0E36-0200-41A7-AA23-63797DF4E050-225x300.jpeg 225w, http:\/\/media.zajednozaosmeh.com\/2020\/01\/734B0E36-0200-41A7-AA23-63797DF4E050-768x1024.jpeg 768w, http:\/\/media.zajednozaosmeh.com\/2020\/01\/734B0E36-0200-41A7-AA23-63797DF4E050.jpeg 960w\" sizes=\"(max-width: 225px) 100vw, 225px\" \/><figcaption id=\"caption-attachment-1431\" class=\"wp-caption-text\">Aleksandar Mici\u0107, \u00a0\u010dlan Upravnog odbora<\/figcaption><\/figure>\n<p>&nbsp;<\/p>\n<figure id=\"attachment_1433\" aria-describedby=\"caption-attachment-1433\" style=\"width: 225px\" class=\"wp-caption aligncenter\"><img loading=\"lazy\" class=\"wp-image-1433\" src=\"http:\/\/media.zajednozaosmeh.consultech.rs\/2020\/01\/F77989A6-86ED-4D4D-B337-8232E950C5E2-150x150.jpeg\" alt=\"\" width=\"225\" height=\"232\" srcset=\"http:\/\/media.zajednozaosmeh.com\/2020\/01\/F77989A6-86ED-4D4D-B337-8232E950C5E2-290x300.jpeg 290w, http:\/\/media.zajednozaosmeh.com\/2020\/01\/F77989A6-86ED-4D4D-B337-8232E950C5E2-768x793.jpeg 768w, http:\/\/media.zajednozaosmeh.com\/2020\/01\/F77989A6-86ED-4D4D-B337-8232E950C5E2.jpeg 914w\" sizes=\"(max-width: 225px) 100vw, 225px\" \/><figcaption id=\"caption-attachment-1433\" class=\"wp-caption-text\">Gavrilo Petrovi\u0107, \u010dlan Upravnog odbora<\/figcaption><\/figure>\n<p>&nbsp;<\/p>\n<figure id=\"attachment_1434\" aria-describedby=\"caption-attachment-1434\" style=\"width: 225px\" class=\"wp-caption aligncenter\"><img loading=\"lazy\" class=\"wp-image-1434\" src=\"http:\/\/media.zajednozaosmeh.consultech.rs\/2020\/01\/C3DBC5B5-2CE7-40F2-A9AD-4C60CD4E3AC5-150x150.jpeg\" alt=\"\" width=\"225\" height=\"331\" srcset=\"http:\/\/media.zajednozaosmeh.com\/2020\/01\/C3DBC5B5-2CE7-40F2-A9AD-4C60CD4E3AC5-204x300.jpeg 204w, http:\/\/media.zajednozaosmeh.com\/2020\/01\/C3DBC5B5-2CE7-40F2-A9AD-4C60CD4E3AC5-697x1024.jpeg 697w, http:\/\/media.zajednozaosmeh.com\/2020\/01\/C3DBC5B5-2CE7-40F2-A9AD-4C60CD4E3AC5-768x1128.jpeg 768w, http:\/\/media.zajednozaosmeh.com\/2020\/01\/C3DBC5B5-2CE7-40F2-A9AD-4C60CD4E3AC5.jpeg 1044w\" sizes=\"(max-width: 225px) 100vw, 225px\" \/><figcaption id=\"caption-attachment-1434\" class=\"wp-caption-text\">Strahinja Nikoli\u0107, \u010dlan Upravnog odbora<\/figcaption><\/figure>\n<p>&nbsp;<\/p>\n<\/div>\n<figure id=\"attachment_1436\" aria-describedby=\"caption-attachment-1436\" style=\"width: 225px\" class=\"wp-caption aligncenter\"><img loading=\"lazy\" class=\"wp-image-1436\" src=\"http:\/\/media.zajednozaosmeh.consultech.rs\/2020\/01\/397719D4-4D57-4777-B3D5-49AD2EAF34D2-150x150.jpeg\" alt=\"\" width=\"225\" height=\"169\" srcset=\"http:\/\/media.zajednozaosmeh.com\/2020\/01\/397719D4-4D57-4777-B3D5-49AD2EAF34D2-300x225.jpeg 300w, http:\/\/media.zajednozaosmeh.com\/2020\/01\/397719D4-4D57-4777-B3D5-49AD2EAF34D2-1024x769.jpeg 1024w, http:\/\/media.zajednozaosmeh.com\/2020\/01\/397719D4-4D57-4777-B3D5-49AD2EAF34D2-768x577.jpeg 768w, http:\/\/media.zajednozaosmeh.com\/2020\/01\/397719D4-4D57-4777-B3D5-49AD2EAF34D2-1536x1154.jpeg 1536w, http:\/\/media.zajednozaosmeh.com\/2020\/01\/397719D4-4D57-4777-B3D5-49AD2EAF34D2-2048x1539.jpeg 2048w\" sizes=\"(max-width: 225px) 100vw, 225px\" \/><figcaption id=\"caption-attachment-1436\" class=\"wp-caption-text\">Ognjen Pantovi\u0107, \u010dlan Upravnog odbora<\/figcaption><\/figure>\n<figure id=\"attachment_1603\" aria-describedby=\"caption-attachment-1603\" style=\"width: 225px\" class=\"wp-caption aligncenter\"><img loading=\"lazy\" class=\"wp-image-1603\" src=\"http:\/\/media.zajednozaosmeh.com\/2020\/01\/file-270x300.jpg\" alt=\"\" width=\"225\" height=\"250\" srcset=\"http:\/\/media.zajednozaosmeh.com\/2020\/01\/file-270x300.jpg 270w, http:\/\/media.zajednozaosmeh.com\/2020\/01\/file-922x1024.jpg 922w, http:\/\/media.zajednozaosmeh.com\/2020\/01\/file-768x853.jpg 768w, http:\/\/media.zajednozaosmeh.com\/2020\/01\/file.jpg 987w\" sizes=\"(max-width: 225px) 100vw, 225px\" \/><figcaption id=\"caption-attachment-1603\" class=\"wp-caption-text\">Branko \u010casni, \u010dlan Upravnog odbora<\/figcaption><\/figure>\n<figure id=\"attachment_1606\" aria-describedby=\"caption-attachment-1606\" style=\"width: 225px\" class=\"wp-caption aligncenter\"><img loading=\"lazy\" class=\"wp-image-1606\" src=\"http:\/\/media.zajednozaosmeh.com\/2020\/01\/depositphotos_51404241-stock-illustration-female-profile-avatar-icon-white-300x300.jpg\" alt=\"\" width=\"225\" height=\"225\" srcset=\"http:\/\/media.zajednozaosmeh.com\/2020\/01\/depositphotos_51404241-stock-illustration-female-profile-avatar-icon-white-300x300.jpg 300w, http:\/\/media.zajednozaosmeh.com\/2020\/01\/depositphotos_51404241-stock-illustration-female-profile-avatar-icon-white-150x150.jpg 150w, http:\/\/media.zajednozaosmeh.com\/2020\/01\/depositphotos_51404241-stock-illustration-female-profile-avatar-icon-white-768x768.jpg 768w, http:\/\/media.zajednozaosmeh.com\/2020\/01\/depositphotos_51404241-stock-illustration-female-profile-avatar-icon-white.jpg 1023w\" sizes=\"(max-width: 225px) 100vw, 225px\" \/><figcaption id=\"caption-attachment-1606\" class=\"wp-caption-text\">Danijela \u010casni, \u010dlan Upravnog odbora<\/figcaption><\/figure>\n<p>&nbsp;<\/p>\n<div class=\"text-wrapper\">\n<figure id=\"attachment_1603\" aria-describedby=\"caption-attachment-1603\" style=\"width: 225px\" class=\"wp-caption aligncenter\"><img loading=\"lazy\" class=\"wp-image-1603\" src=\"http:\/\/media.zajednozaosmeh.com\/2020\/01\/file-270x300.jpg\" alt=\"\" width=\"225\" height=\"250\" srcset=\"http:\/\/media.zajednozaosmeh.com\/2020\/01\/file-270x300.jpg 270w, http:\/\/media.zajednozaosmeh.com\/2020\/01\/file-922x1024.jpg 922w, http:\/\/media.zajednozaosmeh.com\/2020\/01\/file-768x853.jpg 768w, http:\/\/media.zajednozaosmeh.com\/2020\/01\/file.jpg 987w\" sizes=\"(max-width: 225px) 100vw, 225px\" \/><figcaption id=\"caption-attachment-1603\" class=\"wp-caption-text\">Sa\u0161a \u0110or\u0111evi\u0107, \u010dlan Upravnog odbora<\/figcaption><\/figure>\n<figure id=\"attachment_1606\" aria-describedby=\"caption-attachment-1606\" style=\"width: 225px\" class=\"wp-caption aligncenter\"><img loading=\"lazy\" class=\"wp-image-1606\" src=\"http:\/\/media.zajednozaosmeh.com\/2020\/01\/depositphotos_51404241-stock-illustration-female-profile-avatar-icon-white-300x300.jpg\" alt=\"\" width=\"225\" height=\"225\" srcset=\"http:\/\/media.zajednozaosmeh.com\/2020\/01\/depositphotos_51404241-stock-illustration-female-profile-avatar-icon-white-300x300.jpg 300w, http:\/\/media.zajednozaosmeh.com\/2020\/01\/depositphotos_51404241-stock-illustration-female-profile-avatar-icon-white-150x150.jpg 150w, http:\/\/media.zajednozaosmeh.com\/2020\/01\/depositphotos_51404241-stock-illustration-female-profile-avatar-icon-white-768x768.jpg 768w, http:\/\/media.zajednozaosmeh.com\/2020\/01\/depositphotos_51404241-stock-illustration-female-profile-avatar-icon-white.jpg 1023w\" sizes=\"(max-width: 225px) 100vw, 225px\" \/><figcaption id=\"caption-attachment-1606\" class=\"wp-caption-text\">Jovana Smiljani\u0107, \u010dlan Upravnog odbora<\/figcaption><\/figure>\n<p>&nbsp;<\/p>\n<\/div>\n<p>&nbsp;<\/p>\n<p style=\"text-align: center;\">Zahvalni smo svima koji poma\u017eu rad fondacije i aktivno u\u010destvuju u njenom radu.<\/p>\n<div class=\"mceTemp\" style=\"text-align: center;\"><\/div>\n<div class=\"text-wrapper\">\n<div class=\"site-footer\">\n<div class=\"social-icons-wrapper\">\n<div class=\"fb-icon social-icons\"><a href=\"https:\/\/www.facebook.com\/zajednozaosmeh\" target=\"_blank\" rel=\"noopener noreferrer\"><img src=\"http:\/\/zajednozaosmeh.com\/wp-content\/themes\/wp-bootstrap-starter\/inc\/assets\/images\/fb-icon.png\" alt=\"fb-icon\" \/><\/a><\/div>\n<div class=\"tw-icon social-icons\"><a href=\"https:\/\/www.instagram.com\/zajednozaosmeh\/\" target=\"_blank\" rel=\"noopener noreferrer\"><img src=\"http:\/\/zajednozaosmeh.com\/wp-content\/themes\/wp-bootstrap-starter\/inc\/assets\/images\/instagram-logo.png\" alt=\"instagram-icon\" \/><\/a><\/div>\n<div class=\"gp-icon social-icons\"><a href=\"https:\/\/www.youtube.com\/channel\/UC71IKCJMltOEsQ424vtAcNA\" target=\"_blank\" rel=\"noopener noreferrer\"><img src=\"http:\/\/zajednozaosmeh.com\/wp-content\/themes\/wp-bootstrap-starter\/inc\/assets\/images\/youtube-logo.png\" alt=\"youtube-icon\" \/><\/a><\/div>\n<\/div>\n<div class=\"copyright-text\">Copyright \u00a9 2019 Fondacija &#8211; All rights reserved<\/div>\n<\/div>\n<\/div>","protected":false},"excerpt":{"rendered":"<p>Tim fondacije Fondacija \u201eZajedno za osmeh\u201c osnovana je sa ciljem da spozna sve teku\u0107e probleme pojedinca, porodice ili zajednice sa kojima se susre\u0107u i pru\u017ei svaki vid podr\u0161ke koji je neophodan. &nbsp; &nbsp; &nbsp; &nbsp; &nbsp; &nbsp; &nbsp; &nbsp; &nbsp; Zahvalni smo svima koji poma\u017eu rad fondacije i aktivno u\u010destvuju u njenom radu. Copyright \u00a9 [&hellip;]<\/p>\n","protected":false},"author":1,"featured_media":0,"parent":0,"menu_order":0,"comment_status":"closed","ping_status":"closed","template":"blank-page-with-container.php","meta":[],"_links":{"self":[{"href":"http:\/\/zajednozaosmeh.com\/en\/wp-json\/wp\/v2\/pages\/675"}],"collection":[{"href":"http:\/\/zajednozaosmeh.com\/en\/wp-json\/wp\/v2\/pages"}],"about":[{"href":"http:\/\/zajednozaosmeh.com\/en\/wp-json\/wp\/v2\/types\/page"}],"author":[{"embeddable":true,"href":"http:\/\/zajednozaosmeh.com\/en\/wp-json\/wp\/v2\/users\/1"}],"replies":[{"embeddable":true,"href":"http:\/\/zajednozaosmeh.com\/en\/wp-json\/wp\/v2\/comments?post=675"}],"version-history":[{"count":18,"href":"http:\/\/zajednozaosmeh.com\/en\/wp-json\/wp\/v2\/pages\/675\/revisions"}],"predecessor-version":[{"id":1607,"href":"http:\/\/zajednozaosmeh.com\/en\/wp-json\/wp\/v2\/pages\/675\/revisions\/1607"}],"wp:attachment":[{"href":"http:\/\/zajednozaosmeh.com\/en\/wp-json\/wp\/v2\/media?parent=675"}],"curies":[{"name":"wp","href":"https:\/\/api.w.org\/{rel}","templated":true}]}}